{"id":79,"date":"2016-06-13T09:52:14","date_gmt":"2016-06-13T07:52:14","guid":{"rendered":"http:\/\/plethorathemes.com\/healthflex\/doctor\/?page_id=7"},"modified":"2024-06-05T08:31:15","modified_gmt":"2024-06-05T08:31:15","slug":"home","status":"publish","type":"page","link":"https:\/\/www.yetisisildar.com\/anasayfa\/","title":{"rendered":"Anasayfa"},"content":{"rendered":"<div class=\"wpb-content-wrapper\"><p>[vc_row full_width=&#8221;0&#8243; full_height=&#8221;0&#8243; row_padding=&#8221;no_padding&#8221; elevate=&#8221;elevate&#8221; background=&#8221;transparent&#8221; el_class=&#8221;folded_section&#8221;][vc_column width=&#8221;1\/3&#8243; color_set=&#8221;skincolored_section&#8221;]<!-- ========================== TEASER BOX ==========================-->\n<div class=\"teaser_box wpb_content_element text-center   boxed     \">\n\n\n\n\n        \n\n\n\n\n\n  <div class=\"content text-center  \">\n    \n    <div class=\"hgroup\">\n       <h4 class=\"neutralize_links\">\n       Otizm Spektrum Bozuklu\u011fu\n       <\/h4>\n      \n    <\/div>\n\n    \n\n\n  <\/div>\n\n<\/div>\n\n<!-- END======================= TEASER BOX ==========================-->[\/vc_column][vc_column width=&#8221;1\/3&#8243; color_set=&#8221;secondary_section&#8221;]<!-- ========================== TEASER BOX ==========================-->\n<div class=\"teaser_box wpb_content_element text-center   boxed     \">\n\n\n\n\n        \n\n\n\n\n\n  <div class=\"content text-center  \">\n    \n    <div class=\"hgroup\">\n       <h4 class=\"neutralize_links\">\n       Dikkat Eksikli\u011fi\/Hiperaktivite\n       <\/h4>\n      \n    <\/div>\n\n    \n\n\n  <\/div>\n\n<\/div>\n\n<!-- END======================= TEASER BOX ==========================-->[\/vc_column][vc_column width=&#8221;1\/3&#8243; color_set=&#8221;black_section&#8221;]<!-- ========================== TEASER BOX ==========================-->\n<div class=\"teaser_box wpb_content_element text-center   boxed     \">\n\n\n\n\n        \n\n\n\n\n\n  <div class=\"content text-center  \">\n    \n    <div class=\"hgroup\">\n       <h4 class=\"neutralize_links\">\n       Davran\u0131\u015f Bozukluklar\u0131\n       <\/h4>\n      \n    <\/div>\n\n    \n\n\n  <\/div>\n\n<\/div>\n\n<!-- END======================= TEASER BOX ==========================-->[\/vc_column][\/vc_row][vc_row full_width=&#8221;0&#8243; full_height=&#8221;0&#8243; row_padding=&#8221;no_top_padding&#8221; particles=&#8221;0&#8243;][vc_column width=&#8221;2\/3&#8243; heading_align=&#8221;text-center&#8221; align=&#8221;text-left&#8221; margin=&#8221;margin_bottom_grid&#8221;]<div class=\"section_header subtitle_bottom   fancy text-left\">\n\n    <h2>Hakk\u0131mda<\/h2>\n\n\n        <p ><\/p>\n<\/div>[vc_column_text]1985 y\u0131l\u0131nda Demirci&#8217;de do\u011fdum. 2003 y\u0131l\u0131nda Manisa Cumhuriyet Lisesi&#8217;nden (Yabanc\u0131 Dil A\u011f\u0131rl\u0131kl\u0131 B\u00f6l\u00fcm\u00fc) mezun oldum. 2009 y\u0131l\u0131nda Ege \u00dcniversitesi T\u0131p Fak\u00fcltesi&#8217;nden mezun oldum. 2014 y\u0131l\u0131nda Pamukkale \u00dcniversitesi T\u0131p Fak\u00fcltesi \u00c7ocuk ve Ergen Ruh Sa\u011fl\u0131\u011f\u0131 ve Hastal\u0131klar\u0131 Anabilim Dal\u0131&#8217;nda ihtisas\u0131m\u0131 tamamlayarak uzman doktor unvan\u0131 ile mezun oldum. Mecburi hizmetimi 2014 ve 2016 y\u0131llar\u0131 aras\u0131nda T.C. Sa\u011fl\u0131k Bakanl\u0131\u011f\u0131 SB\u00dc Ankara Dr. Sami Ulus Kad\u0131n Do\u011fum \u00c7ocuk Sa\u011fl\u0131\u011f\u0131 ve Hastal\u0131klar\u0131 E\u011fitim Ara\u015ft\u0131rma Hastanesi&#8217;nde tamamlad\u0131m. Bu hastanede \u00e7ocuk sa\u011fl\u0131\u011f\u0131 ve hastal\u0131klar\u0131 uzmanlar\u0131 ile birlikte \u00e7ocukluk \u00e7a\u011f\u0131nda s\u0131k g\u00f6r\u00fclen hastal\u0131klar ve kronik hastal\u0131\u011f\u0131 olan \u00e7ocuklar ile ilgili tecr\u00fcbe edindim. Aral\u0131k 2017 ve Ekim 2021 tarihleri aras\u0131nda Manisa Ruh Sa\u011fl\u0131\u011f\u0131 ve Hastal\u0131klar\u0131 Hastanesi&#8217;nde \u00e7ocuk ve ergen ruh sa\u011fl\u0131\u011f\u0131 ve hastal\u0131klar\u0131 uzman\u0131 olarak g\u00f6rev yapt\u0131m. Art\u0131k siz de\u011ferli \u00e7ocuklara, gen\u00e7lere ve ailelerimize kendi yerimde hizmet vermekteyim.[\/vc_column_text][\/vc_column][vc_column width=&#8221;1\/3&#8243; align=&#8221;text-left&#8221;]<!-- ========================== TEASER BOX ==========================-->\n<div class=\"teaser_box wpb_content_element text-center  skincolored_section  same_height_col  with_button    \">\n\n  <div class=\"figure \">\n\n\n      <a href=\"https:\/\/www.yetisisildar.com\/anasayfa\/hakkimda\/\" debug title=\"\" target=\"\"> \n\n        \n        \n        \n         <img decoding=\"async\" src=\"https:\/\/www.yetisisildar.com\/anasayfa\/wp-content\/uploads\/2021\/10\/WhatsApp-Image-2021-10-08-at-13.49.25.jpeg\" alt=\"Uzm. Dr. Yeti\u015f I\u015eILDAR\">   \n\n        \n\n    <\/a>\n\n  <\/div>\n\n\n\n  <div class=\"content text-center boxed  with_button \">\n    \n    <div class=\"hgroup\">\n       <h4 class=\"neutralize_links\">\n       Uzm. Dr. Yeti\u015f I\u015eILDAR\n       <\/h4>\n       <p>\u00c7ocuk ve Ergen Psikiyatri Uzman\u0131<\/p> \n    <\/div>\n\n    \n\n    <div class=\"link centered\">\n        <a href=\"https:\/\/www.yetisisildar.com\/anasayfa\/hakkimda\/\"  target=\"\" class=\"btn btn-xs btn-default\"><strong>Hakk\u0131mda<\/strong><\/a>\n    <\/div>\n\n  <\/div>\n\n<\/div>\n\n<!-- END======================= TEASER BOX ==========================-->[\/vc_column][\/vc_row][vc_row color_set=&#8221;black_section&#8221; full_width=&#8221;0&#8243; full_height=&#8221;0&#8243; sep_top=&#8221;separator_top sep_angled_positive_top&#8221; particles=&#8221;0&#8243;][vc_column]<div class=\"section_header subtitle_bottom   fancy text-left\">\n\n    <h2>En Son Makaleler &amp; Haberler<\/h2>\n\n\n        <p ><\/p>\n<\/div>[vc_wp_posts title=&#8221;&#8221; number=&#8221;12&#8243;][\/vc_column][\/vc_row][vc_row color_set=&#8221;light_section&#8221; full_width=&#8221;0&#8243; full_height=&#8221;0&#8243; sep_top=&#8221;separator_top sep_angled_positive_top&#8221; sep_bottom=&#8221;separator_bottom sep_angled_positive_bottom&#8221; particles=&#8221;0&#8243;][vc_column]<div class=\"section_header subtitle_bottom   fancy text-left\">\n\n    <h2>\u00c7ocuk dostu bir ortamda!<\/h2>\n\n\n        <p >\u00d6zel muayenehanem, \u00e7ocuklar\u0131n kendilerini evlerinde gibi hissetmelerine yard\u0131mc\u0131 olmak i\u00e7in \u00f6zel olarak tasarlanm\u0131\u015ft\u0131r.<\/p>\n<\/div>[\/vc_column][vc_column heading_align=&#8221;text-center&#8221; align=&#8221;text-left&#8221; margin=&#8221;margin_bottom_grid&#8221; offset=&#8221;vc_col-md-8&#8243;][vc_media_grid element_width=&#8221;6&#8243; initial_loading_animation=&#8221;none&#8221; grid_id=&#8221;vc_gid:1640153916849-f41ebb63-7986-10&#8243; include=&#8221;301,300,299,302&#8243;][\/vc_column][vc_column align=&#8221;text-left&#8221; offset=&#8221;vc_col-md-4&#8243;][vc_text_separator title=&#8221;\u00c7al\u0131\u015fma Saatleri&#8221; title_align=&#8221;separator_align_left&#8221; align=&#8221;align_right&#8221; color=&#8221;black&#8221; el_class=&#8221;x_bold&#8221;][vc_raw_html]JTNDZGl2JTIwY2xhc3MlM0QlMjJ0aW1ldGFibGUlMjIlM0UlMEElMjAlMjAlM0N0YWJsZSUyMGNsYXNzJTNEJTIydGltZXRhYmxlX2hvdXJzJTIyJTNFJTBBJTIwJTIwJTIwJTIwJTNDdHIlM0UlMEElMjAlMjAlMjAlMjAlMjAlMjAlM0N0ZCUzRVBBWkFSVEVTJUM0JUIwJTNDJTJGdGQlM0UlMEElMjAlMjAlMjAlMjAlMjAlMjAlM0N0ZCUzRTA5JTNBMDAtMTklM0EwMCUzQyUyRnRkJTNFJTBBJTIwJTIwJTIwJTIwJTNDJTJGdHIlM0UlMEElMjAlMjAlMjAlMjAlM0N0ciUzRSUwQSUyMCUyMCUyMCUyMCUyMCUyMCUzQ3RkJTNFU0FMSSUzQyUyRnRkJTNFJTBBJTIwJTIwJTIwJTIwJTIwJTIwJTNDdGQlM0UwOSUzQTAwLTE5JTNBMDAlM0MlMkZ0ZCUzRSUwQSUyMCUyMCUyMCUyMCUzQyUyRnRyJTNFJTBBJTIwJTIwJTIwJTIwJTNDdHIlM0UlMEElMjAlMjAlMjAlMjAlMjAlMjAlM0N0ZCUzRSVDMyU4N0FSJUM1JTlFQU1CQSUzQyUyRnRkJTNFJTBBJTIwJTIwJTIwJTIwJTIwJTIwJTNDdGQlM0UwOSUzQTAwLTE5JTNBMDAlM0MlMkZ0ZCUzRSUwQSUyMCUyMCUyMCUyMCUzQyUyRnRyJTNFJTBBJTIwJTIwJTIwJTIwJTNDdHIlM0UlMEElMjAlMjAlMjAlMjAlMjAlMjAlM0N0ZCUzRVBFUiVDNSU5RUVNQkUlM0MlMkZ0ZCUzRSUwQSUyMCUyMCUyMCUyMCUyMCUyMCUzQ3RkJTNFMDklM0EwMC0xOSUzQTAwJTNDJTJGdGQlM0UlMEElMjAlMjAlMjAlMjAlM0MlMkZ0ciUzRSUwQSUyMCUyMCUyMCUyMCUzQ3RyJTNFJTBBJTIwJTIwJTIwJTIwJTIwJTIwJTNDdGQlM0VDVU1BJTNDJTJGdGQlM0UlMEElMjAlMjAlMjAlMjAlMjAlMjAlM0N0ZCUzRTA5JTNBMDAtMTklM0EwMCUzQyUyRnRkJTNFJTBBJTIwJTIwJTIwJTIwJTNDJTJGdHIlM0UlMEElMjAlMjAlMjAlMjAlM0N0ciUzRSUwQSUyMCUyMCUyMCUyMCUyMCUyMCUzQ3RkJTNFQ1VNQVJURVMlQzQlQjAlM0MlMkZ0ZCUzRSUwQSUyMCUyMCUyMCUyMCUyMCUyMCUzQ3RkJTNFMDklM0EwMC0xOCUzQTAwJTNDJTJGdGQlM0UlMEElMjAlMjAlMjAlMjAlM0MlMkZ0ciUzRSUwQSUyMCUyMCUyMCUyMCUzQ3RyJTNFJTBBJTIwJTIwJTIwJTIwJTIwJTIwJTNDdGQlM0VQQVpBUiUzQyUyRnRkJTNFJTBBJTIwJTIwJTIwJTIwJTIwJTIwJTNDdGQlM0VLQVBBTEklM0MlMkZ0ZCUzRSUwQSUyMCUyMCUyMCUyMCUzQyUyRnRyJTNFJTBBJTIwJTIwJTNDJTJGdGFibGUlM0UlMEElM0MlMkZkaXYlM0U=[\/vc_raw_html][\/vc_column][\/vc_row][vc_row color_set=&#8221;secondary_section&#8221; align=&#8221;text-center&#8221; full_width=&#8221;0&#8243; full_height=&#8221;0&#8243; cols_valign=&#8221;vcenter&#8221; transparent_overlay=&#8221;transparent_film&#8221; background=&#8221;bgimage&#8221; bgimage=&#8221;123&#8243; parallax=&#8221;0&#8243;][vc_column align=&#8221;text-center&#8221;]<div class=\"section_header subtitle_bottom   fancy text-center\">\n\n    <h2>Bir sonraki randevunuzu planlad\u0131n\u0131z m\u0131?<\/h2>\n\n\n        <p >Bir sonraki randevunuzu planlamak i\u00e7in \u015fimdi aray\u0131n +90(555) 189 13 91<\/p>\n<\/div>[\/vc_column][\/vc_row]<\/p>\n<\/div>","protected":false},"excerpt":{"rendered":"<p>[vc_row full_width=&#8221;0&#8243; full_height=&#8221;0&#8243; row_padding=&#8221;no_padding&#8221; elevate=&#8221;elevate&#8221; background=&#8221;transparent&#8221; el_class=&#8221;folded_section&#8221;][vc_column width=&#8221;1\/3&#8243; color_set=&#8221;skincolored_section&#8221;][\/vc_column][vc_column width=&#8221;1\/3&#8243; color_set=&#8221;secondary_section&#8221;][\/vc_column][vc_column width=&#8221;1\/3&#8243; color_set=&#8221;black_section&#8221;][\/vc_column][\/vc_row][vc_row full_width=&#8221;0&#8243; full_height=&#8221;0&#8243; row_padding=&#8221;no_top_padding&#8221; particles=&#8221;0&#8243;][vc_column width=&#8221;2\/3&#8243; heading_align=&#8221;text-center&#8221; align=&#8221;text-left&#8221; margin=&#8221;margin_bottom_grid&#8221;][vc_column_text]1985 y\u0131l\u0131nda Demirci&#8217;de do\u011fdum. 2003 y\u0131l\u0131nda Manisa Cumhuriyet Lisesi&#8217;nden (Yabanc\u0131 Dil A\u011f\u0131rl\u0131kl\u0131 B\u00f6l\u00fcm\u00fc) mezun oldum. 2009 y\u0131l\u0131nda Ege \u00dcniversitesi T\u0131p Fak\u00fcltesi&#8217;nden mezun oldum. 2014 y\u0131l\u0131nda Pamukkale \u00dcniversitesi T\u0131p Fak\u00fcltesi \u00c7ocuk ve Ergen Ruh Sa\u011fl\u0131\u011f\u0131 ve [&hellip;]<\/p>\n","protected":false},"author":1,"featured_media":0,"parent":0,"menu_order":0,"comment_status":"closed","ping_status":"closed","template":"","meta":{"pagelayer_contact_templates":[],"_pagelayer_content":"","footnotes":""},"class_list":["post-79","page","type-page","status-publish","hentry"],"yoast_head":"<!-- This site is optimized with the Yoast SEO plugin v27.5 - https:\/\/yoast.com\/product\/yoast-seo-wordpress\/ -->\n<title>Anasayfa - Uzm. Dr. Yeti\u015f I\u015eILDAR<\/title>\n<meta name=\"robots\" content=\"index, follow, max-snippet:-1, max-image-preview:large, max-video-preview:-1\" \/>\n<link rel=\"canonical\" href=\"https:\/\/www.yetisisildar.com\/anasayfa\/\" \/>\n<meta property=\"og:locale\" content=\"tr_TR\" \/>\n<meta property=\"og:type\" content=\"article\" \/>\n<meta property=\"og:title\" content=\"Anasayfa - Uzm. Dr. Yeti\u015f I\u015eILDAR\" \/>\n<meta property=\"og:description\" content=\"[vc_row full_width=&#8221;0&#8243; full_height=&#8221;0&#8243; row_padding=&#8221;no_padding&#8221; elevate=&#8221;elevate&#8221; background=&#8221;transparent&#8221; el_class=&#8221;folded_section&#8221;][vc_column width=&#8221;1\/3&#8243; color_set=&#8221;skincolored_section&#8221;][\/vc_column][vc_column width=&#8221;1\/3&#8243; color_set=&#8221;secondary_section&#8221;][\/vc_column][vc_column width=&#8221;1\/3&#8243; color_set=&#8221;black_section&#8221;][\/vc_column][\/vc_row][vc_row full_width=&#8221;0&#8243; full_height=&#8221;0&#8243; row_padding=&#8221;no_top_padding&#8221; particles=&#8221;0&#8243;][vc_column width=&#8221;2\/3&#8243; heading_align=&#8221;text-center&#8221; align=&#8221;text-left&#8221; margin=&#8221;margin_bottom_grid&#8221;][vc_column_text]1985 y\u0131l\u0131nda Demirci&#8217;de do\u011fdum. 2003 y\u0131l\u0131nda Manisa Cumhuriyet Lisesi&#8217;nden (Yabanc\u0131 Dil A\u011f\u0131rl\u0131kl\u0131 B\u00f6l\u00fcm\u00fc) mezun oldum. 2009 y\u0131l\u0131nda Ege \u00dcniversitesi T\u0131p Fak\u00fcltesi&#8217;nden mezun oldum. 2014 y\u0131l\u0131nda Pamukkale \u00dcniversitesi T\u0131p Fak\u00fcltesi \u00c7ocuk ve Ergen Ruh Sa\u011fl\u0131\u011f\u0131 ve [&hellip;]\" \/>\n<meta property=\"og:url\" content=\"https:\/\/www.yetisisildar.com\/anasayfa\/\" \/>\n<meta property=\"og:site_name\" content=\"Uzm. Dr. Yeti\u015f I\u015eILDAR\" \/>\n<meta property=\"article:modified_time\" content=\"2024-06-05T08:31:15+00:00\" \/>\n<meta name=\"twitter:card\" content=\"summary_large_image\" \/>\n<meta name=\"twitter:label1\" content=\"Tahmini okuma s\u00fcresi\" \/>\n\t<meta name=\"twitter:data1\" content=\"3 dakika\" \/>\n<script type=\"application\/ld+json\" class=\"yoast-schema-graph\">{\"@context\":\"https:\\\/\\\/schema.org\",\"@graph\":[{\"@type\":\"WebPage\",\"@id\":\"https:\\\/\\\/www.yetisisildar.com\\\/anasayfa\\\/\",\"url\":\"https:\\\/\\\/www.yetisisildar.com\\\/anasayfa\\\/\",\"name\":\"Anasayfa - Uzm. Dr. Yeti\u015f I\u015eILDAR\",\"isPartOf\":{\"@id\":\"https:\\\/\\\/www.yetisisildar.com\\\/anasayfa\\\/#website\"},\"datePublished\":\"2016-06-13T07:52:14+00:00\",\"dateModified\":\"2024-06-05T08:31:15+00:00\",\"breadcrumb\":{\"@id\":\"https:\\\/\\\/www.yetisisildar.com\\\/anasayfa\\\/#breadcrumb\"},\"inLanguage\":\"tr\",\"potentialAction\":[{\"@type\":\"ReadAction\",\"target\":[\"https:\\\/\\\/www.yetisisildar.com\\\/anasayfa\\\/\"]}]},{\"@type\":\"BreadcrumbList\",\"@id\":\"https:\\\/\\\/www.yetisisildar.com\\\/anasayfa\\\/#breadcrumb\",\"itemListElement\":[{\"@type\":\"ListItem\",\"position\":1,\"name\":\"Anasayfa\",\"item\":\"https:\\\/\\\/www.yetisisildar.com\\\/anasayfa\\\/\"},{\"@type\":\"ListItem\",\"position\":2,\"name\":\"Anasayfa\"}]},{\"@type\":\"WebSite\",\"@id\":\"https:\\\/\\\/www.yetisisildar.com\\\/anasayfa\\\/#website\",\"url\":\"https:\\\/\\\/www.yetisisildar.com\\\/anasayfa\\\/\",\"name\":\"Uzm. Dr. Yeti\u015f I\u015eILDAR\",\"description\":\"\u00c7ocuk ve Ergen Psikiyatri Uzman\u0131\",\"publisher\":{\"@id\":\"https:\\\/\\\/www.yetisisildar.com\\\/anasayfa\\\/#\\\/schema\\\/person\\\/7eb6bd5feee14081cfcea41421d67bff\"},\"potentialAction\":[{\"@type\":\"SearchAction\",\"target\":{\"@type\":\"EntryPoint\",\"urlTemplate\":\"https:\\\/\\\/www.yetisisildar.com\\\/anasayfa\\\/?s={search_term_string}\"},\"query-input\":{\"@type\":\"PropertyValueSpecification\",\"valueRequired\":true,\"valueName\":\"search_term_string\"}}],\"inLanguage\":\"tr\"},{\"@type\":[\"Person\",\"Organization\"],\"@id\":\"https:\\\/\\\/www.yetisisildar.com\\\/anasayfa\\\/#\\\/schema\\\/person\\\/7eb6bd5feee14081cfcea41421d67bff\",\"name\":\"Yeti\u015f I\u015eILDAR\",\"image\":{\"@type\":\"ImageObject\",\"inLanguage\":\"tr\",\"@id\":\"https:\\\/\\\/secure.gravatar.com\\\/avatar\\\/88bd967da00669278c21cf95ff252b35a70c54e16c58255fd105ac580ac8c721?s=96&d=mm&r=g\",\"url\":\"https:\\\/\\\/secure.gravatar.com\\\/avatar\\\/88bd967da00669278c21cf95ff252b35a70c54e16c58255fd105ac580ac8c721?s=96&d=mm&r=g\",\"contentUrl\":\"https:\\\/\\\/secure.gravatar.com\\\/avatar\\\/88bd967da00669278c21cf95ff252b35a70c54e16c58255fd105ac580ac8c721?s=96&d=mm&r=g\",\"caption\":\"Yeti\u015f I\u015eILDAR\"},\"logo\":{\"@id\":\"https:\\\/\\\/secure.gravatar.com\\\/avatar\\\/88bd967da00669278c21cf95ff252b35a70c54e16c58255fd105ac580ac8c721?s=96&d=mm&r=g\"}}]}<\/script>\n<!-- \/ Yoast SEO plugin. -->","yoast_head_json":{"title":"Anasayfa - Uzm. Dr. Yeti\u015f I\u015eILDAR","robots":{"index":"index","follow":"follow","max-snippet":"max-snippet:-1","max-image-preview":"max-image-preview:large","max-video-preview":"max-video-preview:-1"},"canonical":"https:\/\/www.yetisisildar.com\/anasayfa\/","og_locale":"tr_TR","og_type":"article","og_title":"Anasayfa - Uzm. Dr. Yeti\u015f I\u015eILDAR","og_description":"[vc_row full_width=&#8221;0&#8243; full_height=&#8221;0&#8243; row_padding=&#8221;no_padding&#8221; elevate=&#8221;elevate&#8221; background=&#8221;transparent&#8221; el_class=&#8221;folded_section&#8221;][vc_column width=&#8221;1\/3&#8243; color_set=&#8221;skincolored_section&#8221;][\/vc_column][vc_column width=&#8221;1\/3&#8243; color_set=&#8221;secondary_section&#8221;][\/vc_column][vc_column width=&#8221;1\/3&#8243; color_set=&#8221;black_section&#8221;][\/vc_column][\/vc_row][vc_row full_width=&#8221;0&#8243; full_height=&#8221;0&#8243; row_padding=&#8221;no_top_padding&#8221; particles=&#8221;0&#8243;][vc_column width=&#8221;2\/3&#8243; heading_align=&#8221;text-center&#8221; align=&#8221;text-left&#8221; margin=&#8221;margin_bottom_grid&#8221;][vc_column_text]1985 y\u0131l\u0131nda Demirci&#8217;de do\u011fdum. 2003 y\u0131l\u0131nda Manisa Cumhuriyet Lisesi&#8217;nden (Yabanc\u0131 Dil A\u011f\u0131rl\u0131kl\u0131 B\u00f6l\u00fcm\u00fc) mezun oldum. 2009 y\u0131l\u0131nda Ege \u00dcniversitesi T\u0131p Fak\u00fcltesi&#8217;nden mezun oldum. 2014 y\u0131l\u0131nda Pamukkale \u00dcniversitesi T\u0131p Fak\u00fcltesi \u00c7ocuk ve Ergen Ruh Sa\u011fl\u0131\u011f\u0131 ve [&hellip;]","og_url":"https:\/\/www.yetisisildar.com\/anasayfa\/","og_site_name":"Uzm. Dr. Yeti\u015f I\u015eILDAR","article_modified_time":"2024-06-05T08:31:15+00:00","twitter_card":"summary_large_image","twitter_misc":{"Tahmini okuma s\u00fcresi":"3 dakika"},"schema":{"@context":"https:\/\/schema.org","@graph":[{"@type":"WebPage","@id":"https:\/\/www.yetisisildar.com\/anasayfa\/","url":"https:\/\/www.yetisisildar.com\/anasayfa\/","name":"Anasayfa - Uzm. Dr. Yeti\u015f I\u015eILDAR","isPartOf":{"@id":"https:\/\/www.yetisisildar.com\/anasayfa\/#website"},"datePublished":"2016-06-13T07:52:14+00:00","dateModified":"2024-06-05T08:31:15+00:00","breadcrumb":{"@id":"https:\/\/www.yetisisildar.com\/anasayfa\/#breadcrumb"},"inLanguage":"tr","potentialAction":[{"@type":"ReadAction","target":["https:\/\/www.yetisisildar.com\/anasayfa\/"]}]},{"@type":"BreadcrumbList","@id":"https:\/\/www.yetisisildar.com\/anasayfa\/#breadcrumb","itemListElement":[{"@type":"ListItem","position":1,"name":"Anasayfa","item":"https:\/\/www.yetisisildar.com\/anasayfa\/"},{"@type":"ListItem","position":2,"name":"Anasayfa"}]},{"@type":"WebSite","@id":"https:\/\/www.yetisisildar.com\/anasayfa\/#website","url":"https:\/\/www.yetisisildar.com\/anasayfa\/","name":"Uzm. Dr. Yeti\u015f I\u015eILDAR","description":"\u00c7ocuk ve Ergen Psikiyatri Uzman\u0131","publisher":{"@id":"https:\/\/www.yetisisildar.com\/anasayfa\/#\/schema\/person\/7eb6bd5feee14081cfcea41421d67bff"},"potentialAction":[{"@type":"SearchAction","target":{"@type":"EntryPoint","urlTemplate":"https:\/\/www.yetisisildar.com\/anasayfa\/?s={search_term_string}"},"query-input":{"@type":"PropertyValueSpecification","valueRequired":true,"valueName":"search_term_string"}}],"inLanguage":"tr"},{"@type":["Person","Organization"],"@id":"https:\/\/www.yetisisildar.com\/anasayfa\/#\/schema\/person\/7eb6bd5feee14081cfcea41421d67bff","name":"Yeti\u015f I\u015eILDAR","image":{"@type":"ImageObject","inLanguage":"tr","@id":"https:\/\/secure.gravatar.com\/avatar\/88bd967da00669278c21cf95ff252b35a70c54e16c58255fd105ac580ac8c721?s=96&d=mm&r=g","url":"https:\/\/secure.gravatar.com\/avatar\/88bd967da00669278c21cf95ff252b35a70c54e16c58255fd105ac580ac8c721?s=96&d=mm&r=g","contentUrl":"https:\/\/secure.gravatar.com\/avatar\/88bd967da00669278c21cf95ff252b35a70c54e16c58255fd105ac580ac8c721?s=96&d=mm&r=g","caption":"Yeti\u015f I\u015eILDAR"},"logo":{"@id":"https:\/\/secure.gravatar.com\/avatar\/88bd967da00669278c21cf95ff252b35a70c54e16c58255fd105ac580ac8c721?s=96&d=mm&r=g"}}]}},"_links":{"self":[{"href":"https:\/\/www.yetisisildar.com\/anasayfa\/wp-json\/wp\/v2\/pages\/79","targetHints":{"allow":["GET"]}}],"collection":[{"href":"https:\/\/www.yetisisildar.com\/anasayfa\/wp-json\/wp\/v2\/pages"}],"about":[{"href":"https:\/\/www.yetisisildar.com\/anasayfa\/wp-json\/wp\/v2\/types\/page"}],"author":[{"embeddable":true,"href":"https:\/\/www.yetisisildar.com\/anasayfa\/wp-json\/wp\/v2\/users\/1"}],"replies":[{"embeddable":true,"href":"https:\/\/www.yetisisildar.com\/anasayfa\/wp-json\/wp\/v2\/comments?post=79"}],"version-history":[{"count":26,"href":"https:\/\/www.yetisisildar.com\/anasayfa\/wp-json\/wp\/v2\/pages\/79\/revisions"}],"predecessor-version":[{"id":304,"href":"https:\/\/www.yetisisildar.com\/anasayfa\/wp-json\/wp\/v2\/pages\/79\/revisions\/304"}],"wp:attachment":[{"href":"https:\/\/www.yetisisildar.com\/anasayfa\/wp-json\/wp\/v2\/media?parent=79"}],"curies":[{"name":"wp","href":"https:\/\/api.w.org\/{rel}","templated":true}]}}